{"id":573,"date":"2018-08-20T18:47:50","date_gmt":"2018-08-20T18:47:50","guid":{"rendered":"http:\/\/www.desideriodelgado.com\/?page_id=573"},"modified":"2023-07-18T11:37:38","modified_gmt":"2023-07-18T11:37:38","slug":"group-exhibitions","status":"publish","type":"page","link":"https:\/\/www.desideriodelgado.com\/index.php\/en\/group-exhibitions\/","title":{"rendered":"group exhibitions"},"content":{"rendered":"<p><strong>1991 <\/strong> Selected for the Painters National Award to the 92. C\u00f3rdoba.<\/p>\n<p><strong>1992 <\/strong> C\u00f3rdoba. Contemporary Art 1957-1990.<\/p>\n<p style=\"padding-left: 50px;\">Drawing exhibition in Arte Ocre Gallery. C\u00f3rdoba.<\/p>\n<p style=\"padding-left: 50px;\">Finalist, La Caja Painting Award , for artist from C\u00f3rdoba.<\/p>\n<p style=\"padding-left: 50px;\">Selected for the XIV Autumn Painting Exhibition. C\u00e1ceres.<\/p>\n<p><strong>1994 <\/strong> Finalist, Rural Painting Award. Caja Rural. Sevilla.<\/p>\n<p style=\"padding-left: 50px;\">III Santander Art Fair. Haurie Art Gallery.<\/p>\n<p><strong>1995 <\/strong> IV Santander Art Fair. Haurie Art Gallery.<\/p>\n<p style=\"padding-left: 50px;\">The Catedral and its environment. Burgos.<\/p>\n<p style=\"padding-left: 50px;\">The Music in the Painting. Palacio de Viana. C\u00f3rdoba.<\/p>\n<p><strong>1996 <\/strong> The New Seville and Madrilenian Reality in Painting. Las Palmas de Gran Canaria.<\/p>\n<p style=\"padding-left: 50px;\">V Santander Art Fair. Santander.<\/p>\n<p style=\"padding-left: 50px;\">Selected for Puerto Ban\u00fas Painting Award. Marbella (M\u00e1laga).<\/p>\n<p><strong>1997 <\/strong> 1\u00aa Castilla y Le\u00f3n International Contemporary Art Fair.<\/p>\n<p style=\"padding-left: 50px;\">Artexpo. Barcelona Art Fair. Galer\u00eda Haurie.<\/p>\n<p style=\"padding-left: 50px;\">VI Santander Art Fair. Santander.<\/p>\n<p><strong>1998 <\/strong> MAC International Contemporary Art Fair. Marbella (M\u00e1laga).<\/p>\n<p style=\"padding-left: 50px;\">Interart International Contemporary Art Fair. Valencia.<\/p>\n<p style=\"padding-left: 50px;\">VII Santander Art Fair. Santander.<\/p>\n<p><strong>1999 <\/strong> Expresi\u00f3n Tres-99. Caja de Ahorros de Burgos.<\/p>\n<p style=\"padding-left: 50px;\">Drawing Collective Exhibit. Haurie Art Gallery. Sevilla.<\/p>\n<p style=\"padding-left: 50px;\">VIII Santander Art Fair. Santander.<\/p>\n<p><strong>2000 <\/strong> Arte Sevilla. Contemporary Art Fair.<\/p>\n<p style=\"padding-left: 50px;\">Caja de Ahorros de Burgos Exhibition Hall.<\/p>\n<p><strong>2001 <\/strong> 1\u00aa Dearte Actual Fair. Madrid. Haurie Art Gallery.<\/p>\n<p style=\"padding-left: 50px;\">Small Format. Haurie Art Gallery. Sevilla.<\/p>\n<p><strong>2002 <\/strong> Meeting with Drawing I. Haurie Art Gallery. Sevilla.<\/p>\n<p style=\"padding-left: 50px;\">In a Same Space. Carmen del Campo Art Gallery. C\u00f3rdoba.<\/p>\n<p style=\"padding-left: 50px;\">Estiarte 2002. Jos\u00e9 Pedraza Art Gallery. Montilla (C\u00f3rdoba)<\/p>\n<p><strong>2003 <\/strong> Figuraci\u00f3n II. Galer\u00eda Haurie. Sevilla.<\/p>\n<p style=\"padding-left: 50px;\">The bull and their environment. Carmen del Campo Art Gallery. C\u00f3rdoba.<\/p>\n<p style=\"padding-left: 50px;\">Small Format. Galer\u00eda Haurie. Sevilla.<\/p>\n<p style=\"padding-left: 50px;\">Christmas collective exhibition. Jos\u00e9 Pedraza Art Gallery. Montilla, C\u00f3rdoba.<\/p>\n<p style=\"padding-left: 50px;\">Drawings, acquisitions and donations. Museum of Fine Arts of Cordoba.<\/p>\n<p style=\"padding-left: 50px;\">Estiarte 03. Jos\u00e9 Pedraza Art Gallery. Montilla, C\u00f3rdoba.<\/p>\n<p><strong>2004 <\/strong> Carmen del Campo Art Gallery. C\u00f3rdoba<\/p>\n<p style=\"padding-left: 50px;\">Contemporary Art Fair, Arte Sevilla.<\/p>\n<p style=\"padding-left: 50px;\">Estiarte 04. Jos\u00e9 Pedraza Art Gallery. Montilla, C\u00f3rdoba.<\/p>\n<p style=\"padding-left: 50px;\">Drawings from The Museum of Fine Arts of Cordoba.<\/p>\n<p style=\"padding-left: 50px;\">Jos\u00e9 Manuel Lara Foundation. Sevilla.<\/p>\n<p><strong>2005 <\/strong> Collective exhibition Gallery Authors. Carmen del Campo Art Gallery. C\u00f3rdoba.<\/p>\n<p style=\"padding-left: 50px;\">Estiarte 05. Jos\u00e9 Pedraza Art Gallery. Montilla.<\/p>\n<p><strong>2006 <\/strong> Collective exhibition Gallery Authors. Carmen del Campo Art Gallery. C\u00f3rdoba.<\/p>\n<p><strong>2007 <\/strong> ART MADRID 07. Carmen del Campo Art Gallery. C\u00f3rdoba.<\/p>\n<p><strong>2008 <\/strong> ART MADRID 08. Carmen del Campo Art Gallery. C\u00f3rdoba.<\/p>\n<p style=\"padding-left: 50px;\">Collective exhibition Gallery Authors. Carmen del Campo Art Gallery. C\u00f3rdoba.<\/p>\n<p><strong>2009 <\/strong> XXX Festival de la Guitarra de C\u00f3rdoba. Sala Muse\u00edstica de Cajasur. C\u00f3rdoba.<\/p>\n<p><strong>2010 <\/strong> Imagen de G\u00f3ngora. Carmen del Campo Art Gallery (C\u00f3rdoba) and C\u00f3rdoba University.<\/p>\n<p style=\"padding-left: 50px;\">Propuestas de 36. Jos\u00e9 Pedraza Art Gallery. Montilla.<\/p>\n<p><strong>2012 <\/strong> \u00abPoes\u00eda, arte y flamenco\u00bb. Cervantes Institute of Fez. Marruecos<\/p>\n<p><strong>2013 <\/strong> Tribute Exhibition. Casa G\u00f3ngora. C\u00f3rdoba<\/p>\n<p style=\"padding-left: 50px;\">Revisiones. Jos\u00e9 Pedraza Art Gallery. Montilla.<\/p>\n<p><strong>2014 <\/strong> Revisiones 2. Jos\u00e9 Pedraza Art Gallery. Montilla.<\/p>\n<p><strong>2015 <\/strong> C\u00f3rdoba luciente en sus fundaciones y museos. Museum of Fine Arts of Bilbao.<\/p>\n<p style=\"padding-left: 50px;\">Par\u00e9ntesis. Jos\u00e9 Pedraza Art Gallery. Montilla.<\/p>\n<p><strong>2016 <\/strong> 40X40. Haurie Art Gallery. Sevilla.<\/p>\n<p style=\"padding-left: 50px;\">Fondos de Galer\u00eda. Carmen del Campo Art Gallery. C\u00f3rdoba.<\/p>\n<p style=\"padding-left: 50px;\">Esenciales. Jos\u00e9 Pedraza Art Gallery. Montilla.<\/p>\n<p><strong>2017 <\/strong> L\u00f3gicas territoriales. Carmen del Campo Art Gallery. C\u00f3rdoba.<\/p>\n<p style=\"padding-left: 50px;\">HOMENAJE A C\u00c1NTICO, en el Centenario de Ricardo Molina y Miguel del Moral (1917-2017)<\/p>\n<p><strong>2022\u00a0<\/strong>\u00a0 FIGURAS Y FORMAS. Artistas de la Real Academia de C\u00f3rdoba. C\u00f3rdoba.<\/p>\n","protected":false},"excerpt":{"rendered":"<p>1991 Selected for the Painters National Award to the 92. C\u00f3rdoba. 1992 C\u00f3rdoba. Contemporary Art 1957-1990. Drawing exhibition in Arte Ocre Gallery. C\u00f3rdoba. Finalist, La Caja Painting Award , for artist from C\u00f3rdoba. Selected for the XIV Autumn Painting Exhibition. C\u00e1ceres. 1994 Finalist, Rural Painting Award. Caja Rural. Sevilla. III Santander Art Fair. Haurie Art &hellip; <\/p>\n<p class=\"link-more\"><a href=\"https:\/\/www.desideriodelgado.com\/index.php\/en\/group-exhibitions\/\" class=\"more-link\">Continuar leyendo<span class=\"screen-reader-text\"> \u00abgroup exhibitions\u00bb<\/span><\/a><\/p>\n","protected":false},"author":1,"featured_media":0,"parent":0,"menu_order":0,"comment_status":"closed","ping_status":"closed","template":"","meta":[],"yoast_head":"<!-- This site is optimized with the Yoast SEO plugin v20.11 - https:\/\/yoast.com\/wordpress\/plugins\/seo\/ -->\n<title>group exhibitions - Desiderio Delgado<\/title>\n<meta name=\"robots\" content=\"index, follow, max-snippet:-1, max-image-preview:large, max-video-preview:-1\" \/>\n<link rel=\"canonical\" href=\"https:\/\/www.desideriodelgado.com\/index.php\/en\/group-exhibitions\/\" \/>\n<meta property=\"og:locale\" content=\"es_ES\" \/>\n<meta property=\"og:type\" content=\"article\" \/>\n<meta property=\"og:title\" content=\"group exhibitions - Desiderio Delgado\" \/>\n<meta property=\"og:description\" content=\"1991 Selected for the Painters National Award to the 92. C\u00f3rdoba. 1992 C\u00f3rdoba. Contemporary Art 1957-1990. Drawing exhibition in Arte Ocre Gallery. C\u00f3rdoba. Finalist, La Caja Painting Award , for artist from C\u00f3rdoba. Selected for the XIV Autumn Painting Exhibition. C\u00e1ceres. 1994 Finalist, Rural Painting Award. Caja Rural. Sevilla. III Santander Art Fair. Haurie Art &hellip; Continuar leyendo &quot;group exhibitions&quot;\" \/>\n<meta property=\"og:url\" content=\"https:\/\/www.desideriodelgado.com\/index.php\/en\/group-exhibitions\/\" \/>\n<meta property=\"og:site_name\" content=\"Desiderio Delgado\" \/>\n<meta property=\"article:modified_time\" content=\"2023-07-18T11:37:38+00:00\" \/>\n<meta name=\"twitter:card\" content=\"summary_large_image\" \/>\n<meta name=\"twitter:label1\" content=\"Tiempo de lectura\" \/>\n\t<meta name=\"twitter:data1\" content=\"3 minutos\" \/>\n<script type=\"application\/ld+json\" class=\"yoast-schema-graph\">{\"@context\":\"https:\/\/schema.org\",\"@graph\":[{\"@type\":\"WebPage\",\"@id\":\"https:\/\/www.desideriodelgado.com\/index.php\/en\/group-exhibitions\/\",\"url\":\"https:\/\/www.desideriodelgado.com\/index.php\/en\/group-exhibitions\/\",\"name\":\"group exhibitions - Desiderio Delgado\",\"isPartOf\":{\"@id\":\"https:\/\/www.desideriodelgado.com\/#website\"},\"datePublished\":\"2018-08-20T18:47:50+00:00\",\"dateModified\":\"2023-07-18T11:37:38+00:00\",\"breadcrumb\":{\"@id\":\"https:\/\/www.desideriodelgado.com\/index.php\/en\/group-exhibitions\/#breadcrumb\"},\"inLanguage\":\"es\",\"potentialAction\":[{\"@type\":\"ReadAction\",\"target\":[\"https:\/\/www.desideriodelgado.com\/index.php\/en\/group-exhibitions\/\"]}]},{\"@type\":\"BreadcrumbList\",\"@id\":\"https:\/\/www.desideriodelgado.com\/index.php\/en\/group-exhibitions\/#breadcrumb\",\"itemListElement\":[{\"@type\":\"ListItem\",\"position\":1,\"name\":\"Portada\",\"item\":\"https:\/\/www.desideriodelgado.com\/\"},{\"@type\":\"ListItem\",\"position\":2,\"name\":\"group exhibitions\"}]},{\"@type\":\"WebSite\",\"@id\":\"https:\/\/www.desideriodelgado.com\/#website\",\"url\":\"https:\/\/www.desideriodelgado.com\/\",\"name\":\"Desiderio Delgado\",\"description\":\"\",\"publisher\":{\"@id\":\"https:\/\/www.desideriodelgado.com\/#organization\"},\"potentialAction\":[{\"@type\":\"SearchAction\",\"target\":{\"@type\":\"EntryPoint\",\"urlTemplate\":\"https:\/\/www.desideriodelgado.com\/?s={search_term_string}\"},\"query-input\":\"required name=search_term_string\"}],\"inLanguage\":\"es\"},{\"@type\":\"Organization\",\"@id\":\"https:\/\/www.desideriodelgado.com\/#organization\",\"name\":\"Desiderio Delgado\",\"url\":\"https:\/\/www.desideriodelgado.com\/\",\"logo\":{\"@type\":\"ImageObject\",\"inLanguage\":\"es\",\"@id\":\"https:\/\/www.desideriodelgado.com\/#\/schema\/logo\/image\/\",\"url\":\"https:\/\/www.desideriodelgado.com\/wp-content\/uploads\/2017\/03\/cropped-DesiCabeceraM.png\",\"contentUrl\":\"https:\/\/www.desideriodelgado.com\/wp-content\/uploads\/2017\/03\/cropped-DesiCabeceraM.png\",\"width\":771,\"height\":250,\"caption\":\"Desiderio Delgado\"},\"image\":{\"@id\":\"https:\/\/www.desideriodelgado.com\/#\/schema\/logo\/image\/\"}}]}<\/script>\n<!-- \/ Yoast SEO plugin. -->","yoast_head_json":{"title":"group exhibitions - Desiderio Delgado","robots":{"index":"index","follow":"follow","max-snippet":"max-snippet:-1","max-image-preview":"max-image-preview:large","max-video-preview":"max-video-preview:-1"},"canonical":"https:\/\/www.desideriodelgado.com\/index.php\/en\/group-exhibitions\/","og_locale":"es_ES","og_type":"article","og_title":"group exhibitions - Desiderio Delgado","og_description":"1991 Selected for the Painters National Award to the 92. C\u00f3rdoba. 1992 C\u00f3rdoba. Contemporary Art 1957-1990. Drawing exhibition in Arte Ocre Gallery. C\u00f3rdoba. Finalist, La Caja Painting Award , for artist from C\u00f3rdoba. Selected for the XIV Autumn Painting Exhibition. C\u00e1ceres. 1994 Finalist, Rural Painting Award. Caja Rural. Sevilla. III Santander Art Fair. Haurie Art &hellip; Continuar leyendo \"group exhibitions\"","og_url":"https:\/\/www.desideriodelgado.com\/index.php\/en\/group-exhibitions\/","og_site_name":"Desiderio Delgado","article_modified_time":"2023-07-18T11:37:38+00:00","twitter_card":"summary_large_image","twitter_misc":{"Tiempo de lectura":"3 minutos"},"schema":{"@context":"https:\/\/schema.org","@graph":[{"@type":"WebPage","@id":"https:\/\/www.desideriodelgado.com\/index.php\/en\/group-exhibitions\/","url":"https:\/\/www.desideriodelgado.com\/index.php\/en\/group-exhibitions\/","name":"group exhibitions - Desiderio Delgado","isPartOf":{"@id":"https:\/\/www.desideriodelgado.com\/#website"},"datePublished":"2018-08-20T18:47:50+00:00","dateModified":"2023-07-18T11:37:38+00:00","breadcrumb":{"@id":"https:\/\/www.desideriodelgado.com\/index.php\/en\/group-exhibitions\/#breadcrumb"},"inLanguage":"es","potentialAction":[{"@type":"ReadAction","target":["https:\/\/www.desideriodelgado.com\/index.php\/en\/group-exhibitions\/"]}]},{"@type":"BreadcrumbList","@id":"https:\/\/www.desideriodelgado.com\/index.php\/en\/group-exhibitions\/#breadcrumb","itemListElement":[{"@type":"ListItem","position":1,"name":"Portada","item":"https:\/\/www.desideriodelgado.com\/"},{"@type":"ListItem","position":2,"name":"group exhibitions"}]},{"@type":"WebSite","@id":"https:\/\/www.desideriodelgado.com\/#website","url":"https:\/\/www.desideriodelgado.com\/","name":"Desiderio Delgado","description":"","publisher":{"@id":"https:\/\/www.desideriodelgado.com\/#organization"},"potentialAction":[{"@type":"SearchAction","target":{"@type":"EntryPoint","urlTemplate":"https:\/\/www.desideriodelgado.com\/?s={search_term_string}"},"query-input":"required name=search_term_string"}],"inLanguage":"es"},{"@type":"Organization","@id":"https:\/\/www.desideriodelgado.com\/#organization","name":"Desiderio Delgado","url":"https:\/\/www.desideriodelgado.com\/","logo":{"@type":"ImageObject","inLanguage":"es","@id":"https:\/\/www.desideriodelgado.com\/#\/schema\/logo\/image\/","url":"https:\/\/www.desideriodelgado.com\/wp-content\/uploads\/2017\/03\/cropped-DesiCabeceraM.png","contentUrl":"https:\/\/www.desideriodelgado.com\/wp-content\/uploads\/2017\/03\/cropped-DesiCabeceraM.png","width":771,"height":250,"caption":"Desiderio Delgado"},"image":{"@id":"https:\/\/www.desideriodelgado.com\/#\/schema\/logo\/image\/"}}]}},"_links":{"self":[{"href":"https:\/\/www.desideriodelgado.com\/index.php\/wp-json\/wp\/v2\/pages\/573"}],"collection":[{"href":"https:\/\/www.desideriodelgado.com\/index.php\/wp-json\/wp\/v2\/pages"}],"about":[{"href":"https:\/\/www.desideriodelgado.com\/index.php\/wp-json\/wp\/v2\/types\/page"}],"author":[{"embeddable":true,"href":"https:\/\/www.desideriodelgado.com\/index.php\/wp-json\/wp\/v2\/users\/1"}],"replies":[{"embeddable":true,"href":"https:\/\/www.desideriodelgado.com\/index.php\/wp-json\/wp\/v2\/comments?post=573"}],"version-history":[{"count":6,"href":"https:\/\/www.desideriodelgado.com\/index.php\/wp-json\/wp\/v2\/pages\/573\/revisions"}],"predecessor-version":[{"id":733,"href":"https:\/\/www.desideriodelgado.com\/index.php\/wp-json\/wp\/v2\/pages\/573\/revisions\/733"}],"wp:attachment":[{"href":"https:\/\/www.desideriodelgado.com\/index.php\/wp-json\/wp\/v2\/media?parent=573"}],"curies":[{"name":"wp","href":"https:\/\/api.w.org\/{rel}","templated":true}]}}